{"id":1158,"date":"2015-10-13T22:18:35","date_gmt":"2015-10-13T21:18:35","guid":{"rendered":"http:\/\/www.messieurs-utopiques.com\/?page_id=1158"},"modified":"2015-10-13T22:18:35","modified_gmt":"2015-10-13T21:18:35","slug":"croatie","status":"publish","type":"page","link":"https:\/\/www.juli-as.fr\/index.php\/blog-de-voyage\/destination-europe\/croatie\/","title":{"rendered":"Croatie"},"content":{"rendered":"<p style=\"text-align: right;\" align=\"JUSTIFY\">in english here &#8212;&#8212;&gt; <a href=\"http:\/\/www.juli-photos.fr\/croatia-english\/\"><img decoding=\"async\" class=\"alignright\" src=\"http:\/\/www.home-delices.com\/miseenpage\/drapeau-anglais.jpg\" alt=\"\" \/><\/a><\/p>\n<p style=\"text-align: justify;\">Laissez moi vous raconter une histoire.<\/p>\n<p style=\"text-align: justify;\">Apr\u00e8s 4 mois et demi de voyage, je commen\u00e7ais \u00e0 sentir la fatigue m&#8217;envahir. Et parce que l&#8217;administratrice \u00e0 l&#8217;int\u00e9rieur avait tout pr\u00e9vu \u00e0 l&#8217;avance, je savais d\u00e9j\u00e0 que la Croatie \u00e9tait destin\u00e9e \u00e0 devenir ma pause vacances. J&#8217;avais pour mission de profiter du soleil et des plages apr\u00e8s tant de grosses aventures.<\/p>\n<p style=\"text-align: justify;\">Ce que je ne savais pas encore, c&#8217;est que ce n&#8217;\u00e9tait que le d\u00e9but d&#8217;une nouvelle, extraordinaire aventure. Une de celles qui te mettent devant toi-m\u00eame, devant tes limites, devant ton essence. Et quand j&#8217;ai pos\u00e9 le pied sur le sol croate apr\u00e8s 4h de stop depuis Belgrade, je n&#8217;avais aucune id\u00e9e de ce qui allait m&#8217;arriver ici. Et je n&#8217;aurais \u00e9t\u00e9 capable de l&#8217;imaginer en aucune fa\u00e7on, m\u00eame dans mes r\u00eaves les plus fous.<\/p>\n<p style=\"text-align: justify;\">Mon premier arr\u00eat sera sobrement Zagreb, dans un petit village \u00e0 30 minutes du centre en train, \u00e0 la d\u00e9couverte de David et de la l\u00e9gendaire hospitalit\u00e9 des Croates. Laissez moi vous expliquer :<\/p>\n<p style=\"text-align: justify;\">&#8220;Je peux aider ?<br \/>\n&#8211; Oui ! tu peux t&#8217;asseoir sur la chaise, l\u00e0 !<br \/>\n&#8211; Je peux couper quelques carottes peut-\u00eatre ?<br \/>\n&#8211; Oh je sais ! Tu veux boire de l&#8217;eau ? Du th\u00e9 ? Un jus de fruit ? Une bi\u00e8re ?<br \/>\n&#8211; Euh, de l&#8217;eau, c&#8217;est b&#8230;<br \/>\n&#8211; Et voil\u00e0 ! profite, relaxe-toi, tu as fais un long voyage pour arriver ici ! Tu veux des cr\u00eapes ? Je fais les meilleures cr\u00eapes dans tous les Balkans !&#8221;<\/p>\n<p style=\"text-align: justify;\">Et oui, ce jeune mec de 2m de haut m&#8217;a fait des cr\u00eapes \u00e0 moi, la reine fran\u00e7aise de la discipline dans tout le nord de l&#8217;Europe ! Il m&#8217;a montr\u00e9 son village, puis Zagreb, puis nous avons jou\u00e9 de la guitare et chant\u00e9 ensemble, puis fait un karaok\u00e9, et rit en parlant des Balkans et du monde.<\/p>\n<p style=\"text-align: justify;\">J&#8217;ai eu deux jours de d\u00e9tente, mais sans plan \u00e0 l&#8217;horizon pour la suite. Peut-\u00eatre songer \u00e0 rejoindre Zadar, au milieu du pays, pour longer la c\u00f4te, et enfin bruler mon corps au soleil, apr\u00e8s un si long s\u00e9jour au nord, de l&#8217;autre c\u00f4t\u00e9 du mur. Je laisse finalement ce petit paradis derri\u00e8re moi direction la c\u00f4te sans m\u00eame prendre le temps d&#8217;une photo souvenir.<\/p>\n<p id=\"yui_3_5_0_1_1444670501432_192617\" style=\"text-align: justify;\">Enfin \u00e0 Zadar apr\u00e8s une demi journ\u00e9e de stop, sans aucun plan de plus que ma tente dans mon sac \u00e0 dos, j&#8217;ai relev\u00e9 ma t\u00eate au son de clarinette \u00e9mis par une petite f\u00e9e \u00e0 quelques m\u00e8tres de moi qui me fait signe de m&#8217;approcher. Am\u00e9lie et ses amis circassiens seront mes compagnons pour ces quelques jours ici. Jongler, jouer de la guitare et chanter \u00e0 longueur de journ\u00e9e, alpaguant le touriste nonchalant au coin de la rue, dormir dans un camping abandonn\u00e9 en bord de mer, et prendre le soleil en esp\u00e9rant d\u00e9couvrir comment vivre cette seconde d&#8217;\u00e9ternit\u00e9 ont berc\u00e9 mon quotidien pendant ces 5 jours au nord de la Dalmatie. Avec F\u00e9lix, Am\u00e9lie, Enrico, Manu, Caro et Jann, j&#8217;ai appris \u00e0 ralentir le rythme et appr\u00e9cier chaque instant, juste assise par terre et rencontrant de nouvelles personnes.<\/p>\n\n<p style=\"text-align: justify;\">Puis nous d\u00e9cidons avec Jann de visiter le parc national de Krka et adoptons au bord de la route un autostoppeur fran\u00e7ais qui partagera notre journ\u00e9e et notre brin de folie, une baignade magique, quelques instants, quelques fruits. Ma premi\u00e8re fois en tant que chauffeur me permet de rendre un peu de ce qu&#8217;en tant qu&#8217;autostoppeur j&#8217;ai pris \u00e0 tant. Je passe de belles journ\u00e9es ici, mais je n&#8217;ai toujours pas d\u00e9charg\u00e9 mon cerveau, pos\u00e9e sur une plage dans la solitude et le silence qui me manquent tant depuis mon arriv\u00e9e dans le sud. Je dois continuer plus loin. Je pousse l&#8217;aventure sur une \u00eele au large de Split, pour deux nuits dans un hostel, dormir 24h d&#8217;affil\u00e9, ne pas m&#8217;inqui\u00e9ter pour mes bagages ni ma nourriture.<\/p>\n\n<p id=\"yui_3_5_0_1_1444670501432_199972\" style=\"text-align: justify;\">Jann me laisse \u00e0 Split sur la route de son propre voyage, et je prend le dernier ferry pour l&#8217;\u00eele de Hvar. Deux nuits dans un petit hostel au centre-ville, juste le temps de me faire retirer un morceau de bois jonch\u00e9 dans mon \u0153il chez l&#8217;unique ophtalmologiste de l&#8217;\u00eele, apeur\u00e9e de devoir rentrer en France plus vite que pr\u00e9vu, et d\u00e9couvrir une requ\u00eate de la part du White Rabbit Hostel pour leur faire des cr\u00eapes au petit-d\u00e9jeuner pendant une semaine.<\/p>\n<p style=\"text-align: justify;\"><span class=\"yui3-widget yui3-inputwidget yui3-htmleditorwidget\"><span class=\"yui3-htmleditorwidget-content\">Je vais finalement avoir mes vacances, en travaillant en m\u00eame temps, pr\u00e9parant d&#8217;excellents et requinquants petits-d\u00e9jeuners \u00e0 mes clients d\u00e9cuvant de la veille. C&#8217;est ici que j&#8217;ai trouv\u00e9 mon groupe, ceux qui auront r\u00e9ussi \u00e0 se nicher dans les recoins de mon sac \u00e0 dos pour s&#8217;y loger plus longtemps que je ne l&#8217;aurais permis \u00e0 personne d&#8217;autre.<\/span><\/span><\/p>\n\n<p style=\"text-align: justify;\">Mais laissez moi vous raconter cette histoire &#8230;<\/p>\n<p style=\"text-align: justify;\">Sur l&#8217;\u00eele de Hrav, les quelques derniers jours de septembre. Le soleil, et la plage. Notre \u00e9quipe de volontaires profite du calme entre le petit-d\u00e9jeuner et les nuits remplies de la ville. Kezia, Jason et moi regardons l&#8217;horizon esp\u00e9rant des aventures inoubliables au c\u0153ur de cette \u00eele un peu trop touristique. Le long du port, nous croisons la route d&#8217;un jeune couple ukrainien, en d\u00e9saccord sur une expression anglaise.<\/p>\n<p style=\"text-align: justify;\">&#8220;Let&#8217;s have a glass of champagne on our boat !&#8221; nous disent-ils pour nous remercier. Nous voil\u00e0 \u00e0 nager joyeusement jusqu&#8217;au catamaran pos\u00e9 le long de la berge, goutant un petit bout de paradis en discutant Ukraine et Europe autour d&#8217;une bouteille de M\u00f6et. De retour sur terre et \u00e0 la r\u00e9alit\u00e9, nous nous faisons la solennelle promesse d&#8217;avoir nous aussi notre aventure sur les mers un jour, et de revivre ce moment-champagne avant la fin de nos vacances ensemble. Des paroles en l&#8217;air ? Laissez moi vous raconter une histoire &#8230;<\/p>\n<p style=\"text-align: justify;\">Sur la porte de la chambre des volontaires il y a ce message :<\/p>\n<p style=\"text-align: justify;\">&#8220;Combien de temps dure &#8220;l&#8217;\u00e9ternit\u00e9&#8221; ?<br \/>\n-Parfois, juste une seconde.&#8221;<br \/>\nAlice et le lapin blanc<\/p>\n<p style=\"text-align: justify;\">J\u2019attendais avec de moins en moins de patience cette seconde d&#8217;\u00e9ternit\u00e9. J&#8217;en ai \u00e9t\u00e9 si proche tant de fois pendant ce voyage, et maintenant je l&#8217;avais tous les matins devant les yeux sans pouvoir m\u00eame l&#8217;effleurer. Nous avons crois\u00e9 ici des gens venus des 4 coins du monde. Du Canada \u00e0 la Pologne en passant par l\u2019\u00c9gypte, l&#8217;Isra\u00ebl, la France, l&#8217;Allemagne, et comment ne pas mentionner les US ? Ici, j&#8217;ai d\u00e9couvert un petit restaurant familial, le Casablanca, o\u00f9 j&#8217;ai pu partager quelques chansons avec le cuisinier, chantant en ch\u0153ur avec nos yeux m\u00eal\u00e9s de larmes, juste le temps d&#8217;\u00e9changer des \u00e9motions pures. J&#8217;ai vu depuis la vieille forteresse sur les hauteurs la lumi\u00e8re de la lune se refl\u00e9ter dans la mer et recouvrant toute la ville d&#8217;un halo blanc, j&#8217;ai cherch\u00e9 \u00e0 affronter la nuit pour apercevoir la lune de sang derri\u00e8re les nuages avec quelques amis aventureux dans la froideur des plages de Hvar. Je n&#8217;ai jamais touch\u00e9 ma seconde d&#8217;\u00e9ternit\u00e9.<\/p>\n<p><img loading=\"lazy\" decoding=\"async\" class=\"alignnone  wp-image-3356\" src=\"http:\/\/www.juli-photos.fr\/wp-content\/uploads\/2018\/02\/IMG_7119-683x1024-200x300.jpg\" alt=\"\" width=\"298\" height=\"447\" \/> <img loading=\"lazy\" decoding=\"async\" class=\"alignnone  wp-image-3357\" src=\"http:\/\/www.juli-photos.fr\/wp-content\/uploads\/2018\/02\/IMG_7122-683x1024-200x300.jpg\" alt=\"\" width=\"300\" height=\"451\" \/><\/p>\n<p><img loading=\"lazy\" decoding=\"async\" class=\"alignnone size-medium wp-image-3344\" src=\"http:\/\/www.juli-photos.fr\/wp-content\/uploads\/2018\/02\/IMG_7105-1024x683-300x200.jpg\" alt=\"\" width=\"300\" height=\"200\" \/> <img loading=\"lazy\" decoding=\"async\" class=\"alignnone size-medium wp-image-3358\" src=\"http:\/\/www.juli-photos.fr\/wp-content\/uploads\/2018\/02\/IMG_7130-1024x683-300x200.jpg\" alt=\"\" width=\"300\" height=\"200\" \/><\/p>\n<p style=\"text-align: justify;\">Le tournant de l&#8217;histoire est ici. Au White Rabbit, nous avons aussi rencontr\u00e9 une \u00e9nergie incroyable. Au premier regard, je savais que je voulais devenir amie avec Fanny. C&#8217;est une de nos clientes &#8220;une derni\u00e8re nuit&#8221;, arriv\u00e9e le m\u00eame jour que nous pour seulement quelques heures et ayant tent\u00e9 de partir tant de fois que c&#8217;en \u00e9tait devenu un jeu. Nous avons pass\u00e9 tant d&#8217;apr\u00e8s-midis et de soir\u00e9es ensemble que lorsqu&#8217;elle a fait sa derni\u00e8re tentative avec Kezia pour prendre le ferry qui les am\u00e8nerait \u00e0 Split, nous les avons accompagn\u00e9es en bus avec Jason pour la ville d&#8217;\u00e0 c\u00f4t\u00e9, leur expliquant qu&#8217;elles n&#8217;allaient pas nous quitter aujourd&#8217;hui. Nous partirons ensemble demain, je promets.<\/p>\n<p style=\"text-align: justify;\">Nos derni\u00e8res heures ensemble nous d\u00e9cidons de les passer en bateau-stoppant quelqu&#8217;un pour Split, et quelqu&#8217;un pour Hvar pour que Jason et moi puissions rentrer \u00e0 l&#8217;Hostel. Ce n&#8217;est que quelques bateaux plus loin que Fanny se retrouve bi\u00e8re en main et sourire au l\u00e8vres en compagnie du plus folklorique \u00e9quipage jamais rencontr\u00e9. 4 gars avec l&#8217;insouciance de la jeunesse coll\u00e9e au train et les corps des marins sculpt\u00e9s \u00e0 la bi\u00e8re nous invitent \u00e0 les joindre. &#8220;On boit d&#8217;abord puis on file \u00e0 Hvar tous ensemble, et demain matin nous prenons la route de Split, bienvenus \u00e0 bord !&#8221; Un sourire se dessine lentement sur mon visage. Ils sont bien aussi fous que notre \u00e9quipage, et la fusion de ces deux mondes nous donnera quelques souvenirs \u00e9piques. Notre \u00e9quipage a popp\u00e9 comme \u00e7a, sur le bon bateau, au bon moment, par\u00e9 \u00e0 l&#8217;aventure.<\/p>\n\n<p style=\"text-align: justify;\">Le bateau prend le d\u00e9part, le capitaine me glisse un mot \u00e0 l&#8217;oreille et le voyage durera 4 jours entiers, le vent dans les cheveux et la poussi\u00e8re d&#8217;\u00e9toiles dans les yeux. Nous sommes invit\u00e9s \u00e0 rester et partager la mer avec les gars. Mon c\u00f4t\u00e9 sombre a un fou-rire. Nous allons avoir notre derni\u00e8re fl\u00fbte de champagne.<\/p>\n<p style=\"text-align: justify;\">Nous visitons ensemble l&#8217;\u00eele de Vis, la baie de Split. Tant d&#8217;aventures \u00e0 bord, tant d&#8217;histoires partag\u00e9es. Je ne me suis jamais sentie aussi libre que pendant cette travers\u00e9e. J&#8217;ai pu \u00eatre moi-m\u00eame et \u00e9voluer dans le groupe, \u00e9changer avec les autres, montrer mon c\u0153ur sans risque d&#8217;\u00eatre bless\u00e9e, et vivre sur la mer pour quelques jours de plus. Je n&#8217;oublierai jamais ce moment unique, o\u00f9 j&#8217;ai pass\u00e9 la t\u00eate par le hublot de ma cabine et o\u00f9 j&#8217;ai vu le vent se dessiner dans la voile de notre bateau bravant les vagues dans la lumi\u00e8re de l&#8217;aube, avec notre capitaine sur le pont, la barre dans une main, un sourire illuminant son visage, d\u00e9fiant la mer et respirant sa seconde d&#8217;\u00e9ternit\u00e9.<\/p>\n<p id=\"yui_3_5_0_1_1444733409725_65897\" style=\"text-align: justify;\"><span id=\"yui_3_5_0_1_1444733409725_59172\" class=\"yui3-widget yui3-inputwidget yui3-htmleditorwidget\"><span id=\"yui_3_5_0_1_1444733409725_59174\" class=\"yui3-htmleditorwidget-content\"><span id=\"yui_3_5_0_1_1444733409725_57474\" class=\"yui3-widget yui3-inputwidget yui3-htmleditorwidget\"><span id=\"yui_3_5_0_1_1444733409725_57476\" class=\"yui3-htmleditorwidget-content\">Tant de d\u00e9tails, mais &#8220;le vent l&#8217;emportera, et tout disparaitra, le vent nous portera&#8221;, comme la chanson le dit si bien, celle qui a d\u00e9j\u00e0 r\u00e9sonn\u00e9 une fois dans ce voyage. Ici, je me sens \u00e0 la maison, pour la deuxi\u00e8me fois seulement depuis bien trop longtemps, et je sais que ces nouveaux amis vont me manquer pour si longtemps. J&#8217;esp\u00e8re qu&#8217;ils sauront un jour \u00eatre un bout d&#8217;une plus grande aventure, de celle de tous ces lapins blancs fous qui poppent tout autour du monde.<br \/>\n<\/span><\/span><\/span><\/span><\/p>\n<p>&nbsp;<\/p>\n<p><iframe loading=\"lazy\" src=\"https:\/\/www.youtube.com\/embed\/U7gyHb8_480\" width=\"1280\" height=\"720\" frameborder=\"0\" allowfullscreen=\"allowfullscreen\"><\/iframe><\/p>\n\n<p><script>\n  (function(i,s,o,g,r,a,m){i['GoogleAnalyticsObject']=r;i[r]=i[r]||function(){\n  (i[r].q=i[r].q||[]).push(arguments)},i[r].l=1*new Date();a=s.createElement(o),\n  m=s.getElementsByTagName(o)[0];a.async=1;a.src=g;m.parentNode.insertBefore(a,m)\n  })(window,document,'script','\/\/www.google-analytics.com\/analytics.js','ga');<\/p>\n<p>  ga('create', 'UA-71767550-1', 'auto');\n  ga('send', 'pageview');<\/p>\n<p><\/script><\/p>\n","protected":false},"excerpt":{"rendered":"<p>in english here &#8212;&#8212;&gt; Laissez moi vous raconter une histoire. Apr\u00e8s 4 mois et demi de voyage, je commen\u00e7ais \u00e0 sentir la fatigue m&#8217;envahir. Et parce que l&#8217;administratrice \u00e0 l&#8217;int\u00e9rieur avait tout pr\u00e9vu \u00e0 l&#8217;avance, je savais d\u00e9j\u00e0 que la Croatie \u00e9tait destin\u00e9e \u00e0 devenir ma pause vacances. J&#8217;avais pour mission de profiter du soleil &hellip; <\/p>\n<p class=\"link-more\"><a href=\"https:\/\/www.juli-as.fr\/index.php\/blog-de-voyage\/destination-europe\/croatie\/\" class=\"more-link\">Continue reading<span class=\"screen-reader-text\"> &#8220;Croatie&#8221;<\/span><\/a><\/p>\n","protected":false},"author":2,"featured_media":3366,"parent":647,"menu_order":0,"comment_status":"closed","ping_status":"open","template":"","meta":{"two_page_speed":[],"footnotes":""},"class_list":["post-1158","page","type-page","status-publish","has-post-thumbnail","hentry"],"_links":{"self":[{"href":"https:\/\/www.juli-as.fr\/index.php\/wp-json\/wp\/v2\/pages\/1158","targetHints":{"allow":["GET"]}}],"collection":[{"href":"https:\/\/www.juli-as.fr\/index.php\/wp-json\/wp\/v2\/pages"}],"about":[{"href":"https:\/\/www.juli-as.fr\/index.php\/wp-json\/wp\/v2\/types\/page"}],"author":[{"embeddable":true,"href":"https:\/\/www.juli-as.fr\/index.php\/wp-json\/wp\/v2\/users\/2"}],"replies":[{"embeddable":true,"href":"https:\/\/www.juli-as.fr\/index.php\/wp-json\/wp\/v2\/comments?post=1158"}],"version-history":[{"count":1,"href":"https:\/\/www.juli-as.fr\/index.php\/wp-json\/wp\/v2\/pages\/1158\/revisions"}],"predecessor-version":[{"id":4761,"href":"https:\/\/www.juli-as.fr\/index.php\/wp-json\/wp\/v2\/pages\/1158\/revisions\/4761"}],"up":[{"embeddable":true,"href":"https:\/\/www.juli-as.fr\/index.php\/wp-json\/wp\/v2\/pages\/647"}],"wp:featuredmedia":[{"embeddable":true,"href":"https:\/\/www.juli-as.fr\/index.php\/wp-json\/"}],"wp:attachment":[{"href":"https:\/\/www.juli-as.fr\/index.php\/wp-json\/wp\/v2\/media?parent=1158"}],"curies":[{"name":"wp","href":"https:\/\/api.w.org\/{rel}","templated":true}]}}